{"id":2,"date":"2022-10-12T22:30:09","date_gmt":"2022-10-12T22:30:09","guid":{"rendered":"https:\/\/urbaf.eu\/?page_id=2"},"modified":"2024-01-03T09:44:38","modified_gmt":"2024-01-03T09:44:38","slug":"training","status":"publish","type":"page","link":"https:\/\/urbaf.eu\/index.php\/training\/","title":{"rendered":"Training \/ \u0395\u03ba\u03c0\u03b1\u03af\u03b4\u03b5\u03c5\u03c3\u03b7"},"content":{"rendered":"\n<p><img loading=\"lazy\" decoding=\"async\" width=\"150\" height=\"186\" class=\"wp-image-14662\" style=\"width: 150px;\" src=\"https:\/\/urbaf.eu\/wp-content\/uploads\/2023\/05\/urbuf.png\" alt=\"\" srcset=\"https:\/\/urbaf.eu\/wp-content\/uploads\/2023\/05\/urbuf.png 2271w, https:\/\/urbaf.eu\/wp-content\/uploads\/2023\/05\/urbuf-241x300.png 241w, https:\/\/urbaf.eu\/wp-content\/uploads\/2023\/05\/urbuf-824x1024.png 824w, https:\/\/urbaf.eu\/wp-content\/uploads\/2023\/05\/urbuf-768x954.png 768w, https:\/\/urbaf.eu\/wp-content\/uploads\/2023\/05\/urbuf-1236x1536.png 1236w, https:\/\/urbaf.eu\/wp-content\/uploads\/2023\/05\/urbuf-1648x2048.png 1648w\" sizes=\"auto, (max-width: 150px) 100vw, 150px\" \/> <img loading=\"lazy\" decoding=\"async\" width=\"250\" height=\"89\" class=\"wp-image-14822\" style=\"width: 250px;\" src=\"https:\/\/urbaf.eu\/wp-content\/uploads\/2023\/06\/erasmusIKY_logo-2.jpg\" alt=\"\" srcset=\"https:\/\/urbaf.eu\/wp-content\/uploads\/2023\/06\/erasmusIKY_logo-2.jpg 550w, https:\/\/urbaf.eu\/wp-content\/uploads\/2023\/06\/erasmusIKY_logo-2-300x107.jpg 300w\" sizes=\"auto, (max-width: 250px) 100vw, 250px\" \/> <img decoding=\"async\" class=\"wp-image-14837\" style=\"width: NaNpx;\" src=\"https:\/\/urbaf.eu\/wp-content\/uploads\/2023\/08\/circle-logos-color-CMYK.pdf\" alt=\"\"><img loading=\"lazy\" decoding=\"async\" width=\"150\" height=\"80\" class=\"wp-image-14748\" style=\"width: 150px;\" src=\"https:\/\/urbaf.eu\/wp-content\/uploads\/2023\/06\/kp-logo.jpg\" alt=\"\" srcset=\"https:\/\/urbaf.eu\/wp-content\/uploads\/2023\/06\/kp-logo.jpg 1180w, https:\/\/urbaf.eu\/wp-content\/uploads\/2023\/06\/kp-logo-300x160.jpg 300w, https:\/\/urbaf.eu\/wp-content\/uploads\/2023\/06\/kp-logo-1024x547.jpg 1024w, https:\/\/urbaf.eu\/wp-content\/uploads\/2023\/06\/kp-logo-768x410.jpg 768w\" sizes=\"auto, (max-width: 150px) 100vw, 150px\" \/> <img loading=\"lazy\" decoding=\"async\" width=\"150\" height=\"77\" class=\"wp-image-14704\" style=\"width: 150px;\" src=\"https:\/\/urbaf.eu\/wp-content\/uploads\/2023\/05\/mkv_web_logo_yeni.jpg\" alt=\"\" srcset=\"https:\/\/urbaf.eu\/wp-content\/uploads\/2023\/05\/mkv_web_logo_yeni.jpg 636w, https:\/\/urbaf.eu\/wp-content\/uploads\/2023\/05\/mkv_web_logo_yeni-300x153.jpg 300w\" sizes=\"auto, (max-width: 150px) 100vw, 150px\" \/> <img loading=\"lazy\" decoding=\"async\" width=\"150\" height=\"54\" class=\"wp-image-14758\" style=\"width: 150px;\" src=\"https:\/\/urbaf.eu\/wp-content\/uploads\/2021\/03\/ENG_100yil_yatay_logo.png\" alt=\"\" srcset=\"https:\/\/urbaf.eu\/wp-content\/uploads\/2021\/03\/ENG_100yil_yatay_logo.png 2557w, https:\/\/urbaf.eu\/wp-content\/uploads\/2021\/03\/ENG_100yil_yatay_logo-300x108.png 300w, https:\/\/urbaf.eu\/wp-content\/uploads\/2021\/03\/ENG_100yil_yatay_logo-1024x370.png 1024w, https:\/\/urbaf.eu\/wp-content\/uploads\/2021\/03\/ENG_100yil_yatay_logo-768x277.png 768w, https:\/\/urbaf.eu\/wp-content\/uploads\/2021\/03\/ENG_100yil_yatay_logo-1536x554.png 1536w, https:\/\/urbaf.eu\/wp-content\/uploads\/2021\/03\/ENG_100yil_yatay_logo-2048x739.png 2048w\" sizes=\"auto, (max-width: 150px) 100vw, 150px\" \/><img loading=\"lazy\" decoding=\"async\" width=\"150\" height=\"167\" class=\"wp-image-14839\" style=\"width: 150px;\" src=\"https:\/\/urbaf.eu\/wp-content\/uploads\/2023\/08\/circle-logos-color-CMYK.png\" alt=\"\" srcset=\"https:\/\/urbaf.eu\/wp-content\/uploads\/2023\/08\/circle-logos-color-CMYK.png 709w, https:\/\/urbaf.eu\/wp-content\/uploads\/2023\/08\/circle-logos-color-CMYK-270x300.png 270w, https:\/\/urbaf.eu\/wp-content\/uploads\/2023\/08\/circle-logos-color-CMYK-450x500.png 450w\" sizes=\"auto, (max-width: 150px) 100vw, 150px\" \/><\/p>\n\n\n\n<p>The training in Urban Agriculture and Beekeeping concerns part of the Erasmus+ program for vocational education and training in collaboration with the Institute of Ecological Agriculture DIO with the subject of Urban Agriculture and Beekeeping.<\/p>\n\n\n\n<p>The purpose of the project is totrain the professionals of the urban environment about the possibilities that exist to engage in agriculture and beekeeping in the urban and suburban areas and to integrate these activities into their daily lives.<\/p>\n\n\n\n<p>The training is aimed at both professionals and those who wish to get to know the world of agriculture while living in the city and introduce others to a different, quality lifestyle that respects the environment.<\/p>\n\n\n\n<p class=\"has-vivid-red-color has-text-color has-link-color wp-elements-d0644947fa60f294ab97aba0f7850a8d\"><strong><a href=\"https:\/\/insteco.gr\/astiki-georgia-kai-melissokomia\" target=\"_blank\" rel=\"noreferrer noopener\">You can enter the platform by following this link (Greek version)<\/a><\/strong><\/p>\n\n\n\n<p><\/p>\n\n\n\n<p>\u0397 \u03b5\u03ba\u03c0\u03b1\u03af\u03b4\u03b5\u03c5\u03c3\u03b7 \u03c3\u03c4\u03b7\u03bd \u0391\u03c3\u03c4\u03b9\u03ba\u03ae \u0393\u03b5\u03c9\u03c1\u03b3\u03af\u03b1 \u03ba\u03b1\u03b9 \u039c\u03b5\u03bb\u03b9\u03c3\u03c3\u03bf\u03ba\u03bf\u03bc\u03af\u03b1 \u03b1\u03c6\u03bf\u03c1\u03ac \u03bc\u03ad\u03c1\u03bf\u03c2 \u03c4\u03bf\u03c5 \u03c0\u03c1\u03bf\u03b3\u03c1\u03ac\u03bc\u03bc\u03b1\u03c4\u03bf\u03c2 Erasmus+ \u03b3\u03b9\u03b1 \u03c4\u03b7\u03bd \u03b5\u03c0\u03b1\u03b3\u03b3\u03b5\u03bb\u03bc\u03b1\u03c4\u03b9\u03ba\u03ae \u03b5\u03ba\u03c0\u03b1\u03af\u03b4\u03b5\u03c5\u03c3\u03b7 \u03ba\u03b1\u03b9 \u03ba\u03b1\u03c4\u03ac\u03c1\u03c4\u03b9\u03c3\u03b7 \u03c3\u03b5 \u03c3\u03c5\u03bd\u03b5\u03c1\u03b3\u03b1\u03c3\u03af\u03b1 \u03bc\u03b5 \u03c4\u03bf \u0399\u03bd\u03c3\u03c4\u03b9\u03c4\u03bf\u03cd\u03c4\u03bf \u039f\u03b9\u03ba\u03bf\u03bb\u03bf\u03b3\u03b9\u03ba\u03ae\u03c2 \u0393\u03b5\u03c9\u03c1\u03b3\u03af\u03b1\u03c2 \u0394\u0397\u03a9 \u03bc\u03b5 \u03b1\u03bd\u03c4\u03b9\u03ba\u03b5\u03af\u03bc\u03b5\u03bd\u03bf \u03c4\u03b7\u03bd \u0391\u03c3\u03c4\u03b9\u03ba\u03ae \u0393\u03b5\u03c9\u03c1\u03b3\u03af\u03b1 \u03ba\u03b1\u03b9 \u039c\u03b5\u03bb\u03b9\u03c3\u03c3\u03bf\u03ba\u03bf\u03bc\u03af\u03b1.<\/p>\n\n\n\n<p>\u03a3\u03ba\u03bf\u03c0\u03cc\u03c2 \u03c4\u03bf\u03c5 \u03ad\u03c1\u03b3\u03bf\u03c5 \u03b5\u03af\u03bd\u03b1\u03b9 \u03b7 \u03b5\u03bd\u03b7\u03bc\u03ad\u03c1\u03c9\u03c3\u03b7 \u03c4\u03c9\u03bd \u03c0\u03bf\u03bb\u03b9\u03c4\u03ce\u03bd \u03c4\u03bf\u03c5 \u03b1\u03c3\u03c4\u03b9\u03ba\u03bf\u03cd \u03c0\u03b5\u03c1\u03b9\u03b2\u03ac\u03bb\u03bb\u03bf\u03bd\u03c4\u03bf\u03c2 \u03b3\u03b9\u03b1 \u03c4\u03b9\u03c2 \u03b4\u03c5\u03bd\u03b1\u03c4\u03cc\u03c4\u03b7\u03c4\u03b5\u03c2 \u03c0\u03bf\u03c5 \u03c5\u03c0\u03ac\u03c1\u03c7\u03bf\u03c5\u03bd \u03bd\u03b1 \u03b5\u03bd\u03b1\u03c3\u03c7\u03bf\u03bb\u03b7\u03b8\u03bf\u03cd\u03bd \u03bc\u03b5 \u03c4\u03b7 \u03b3\u03b5\u03c9\u03c1\u03b3\u03af\u03b1 \u03ba\u03b1\u03b9 \u03c4\u03b7 \u03bc\u03b5\u03bb\u03b9\u03c3\u03c3\u03bf\u03ba\u03bf\u03bc\u03af\u03b1 \u03bc\u03ad\u03c3\u03b1 \u03c3\u03c4\u03b7\u03bd \u03c0\u03cc\u03bb\u03b7 \u03ba\u03b1\u03b9 \u03bd\u03b1 \u03b5\u03bd\u03c3\u03c9\u03bc\u03b1\u03c4\u03ce\u03c3\u03bf\u03c5\u03bd \u03c4\u03b9\u03c2 \u03b4\u03c1\u03b1\u03c3\u03c4\u03b7\u03c1\u03b9\u03cc\u03c4\u03b7\u03c4\u03b5\u03c2 \u03b1\u03c5\u03c4\u03ad\u03c2 \u03c3\u03c4\u03b7\u03bd \u03ba\u03b1\u03b8\u03b7\u03bc\u03b5\u03c1\u03b9\u03bd\u03ae \u03b6\u03c9\u03ae \u03c4\u03bf\u03c5\u03c2.<\/p>\n\n\n\n<p>\u0397 \u03b5\u03ba\u03c0\u03b1\u03af\u03b4\u03b5\u03c5\u03c3\u03b7 \u03b1\u03c0\u03b5\u03c5\u03b8\u03cd\u03bd\u03b5\u03c4\u03b1\u03b9 \u03c4\u03cc\u03c3\u03bf \u03c3\u03b5 \u03b5\u03c0\u03b1\u03b3\u03b3\u03b5\u03bb\u03bc\u03b1\u03c4\u03af\u03b5\u03c2 \u03cc\u03c3\u03bf \u03ba\u03b1\u03b9 \u03c3\u03b5 \u03b5\u03ba\u03b5\u03af\u03bd\u03bf\u03c5\u03c2 \u03c0\u03bf\u03c5 \u03b5\u03c0\u03b9\u03b8\u03c5\u03bc\u03bf\u03cd\u03bd \u03bd\u03b1 \u03b3\u03bd\u03c9\u03c1\u03af\u03c3\u03bf\u03c5\u03bd \u03c4\u03bf\u03bd \u03ba\u03cc\u03c3\u03bc\u03bf \u03c4\u03b7\u03c2 \u03b3\u03b5\u03c9\u03c1\u03b3\u03af\u03b1\u03c2 \u03b5\u03bd\u03ce \u03b6\u03bf\u03c5\u03bd \u03c3\u03c4\u03b7\u03bd \u03c0\u03cc\u03bb\u03b7 \u03ba\u03b1\u03b9 \u03bd\u03b1 \u03bc\u03c5\u03ae\u03c3\u03bf\u03c5\u03bd \u03ba\u03b1\u03b9 \u03ac\u03bb\u03bb\u03bf\u03c5\u03c2 \u03c3\u03b5 \u03ad\u03bd\u03b1 \u03b4\u03b9\u03b1\u03c6\u03bf\u03c1\u03b5\u03c4\u03b9\u03ba\u03cc, \u03c0\u03bf\u03b9\u03bf\u03c4\u03b9\u03ba\u03cc \u03c4\u03c1\u03cc\u03c0\u03bf \u03b6\u03c9\u03ae\u03c2 \u03c0\u03bf\u03c5 \u03c3\u03ad\u03b2\u03b5\u03c4\u03b1\u03b9 \u03c4\u03bf \u03c0\u03b5\u03c1\u03b9\u03b2\u03ac\u03bb\u03bb\u03bf\u03bd.<\/p>\n\n\n\n<p class=\"has-vivid-cyan-blue-color has-text-color has-link-color has-medium-font-size wp-elements-9c6a5ee5772798b01edc54392a645faa\"><strong><a href=\"https:\/\/insteco.gr\/astiki-georgia-kai-melissokomia\" target=\"_blank\" rel=\"noreferrer noopener\">\u0391\u03ba\u03bf\u03bb\u03bf\u03c5\u03b8\u03ce\u03bd\u03c4\u03b1\u03c2 \u03c4\u03bf \u03c3\u03cd\u03bd\u03b4\u03b5\u03c3\u03bc\u03bf \u03b8\u03b1 \u03bc\u03b5\u03c4\u03b1\u03c6\u03b5\u03c1\u03b8\u03b5\u03af\u03c4\u03b5 \u03c3\u03c4\u03b7\u03bd \u03c0\u03bb\u03b1\u03c4\u03c6\u03cc\u03c1\u03bc\u03b1 \u03b5\u03ba\u03c0\u03b1\u03af\u03b4\u03b5\u03c5\u03c3\u03b7\u03c2<\/a><\/strong><\/p>\n\n\n\n<p>&#8220;Ak\u0131ll\u0131 Tar\u0131m ve Ar\u0131c\u0131l\u0131k e\u011fitimi, Erasmus+ program\u0131n\u0131n bir par\u00e7as\u0131 olarak Ekolojik Tar\u0131m Enstit\u00fcs\u00fc ile i\u015fbirli\u011fi i\u00e7inde mesleki e\u011fitim ve yeti\u015ftirme i\u00e7in d\u00fczenlenmektedir. Projenin amac\u0131, \u015fehirde ya\u015fayan vatanda\u015flar\u0131 tar\u0131m ve ar\u0131c\u0131l\u0131kla ilgili f\u0131rsatlar hakk\u0131nda bilgilendirmek ve bu faaliyetleri g\u00fcnl\u00fck ya\u015famlar\u0131na entegre etmelerine olanak tan\u0131makt\u0131r. E\u011fitim, hem profesyonellere hem de \u015fehirde ya\u015fay\u0131p tar\u0131m d\u00fcnyas\u0131n\u0131 tan\u0131mak ve \u00e7evre bilinciyle farkl\u0131 bir ya\u015fam tarz\u0131na ba\u015fkalar\u0131n\u0131 dahil etmek isteyenlere y\u00f6neliktir.<\/p>\n","protected":false},"excerpt":{"rendered":"<p>The training in Urban Agriculture and Beekeeping concerns part of the Erasmus+ program for vocational education and training in collaboration with the Institute of Ecological Agriculture DIO with the subject of Urban Agriculture and Beekeeping. The purpose of the project is totrain the professionals of the urban environment about the possibilities that exist to engage &hellip; <a href=\"https:\/\/urbaf.eu\/index.php\/training\/\" class=\"more-link\">Continue reading <span class=\"screen-reader-text\">Training \/ \u0395\u03ba\u03c0\u03b1\u03af\u03b4\u03b5\u03c5\u03c3\u03b7<\/span><\/a><\/p>\n","protected":false},"author":1,"featured_media":0,"parent":0,"menu_order":0,"comment_status":"closed","ping_status":"open","template":"","meta":{"footnotes":""},"class_list":["post-2","page","type-page","status-publish","hentry"],"yoast_head":"<!-- This site is optimized with the Yoast SEO plugin v19.9 - https:\/\/yoast.com\/wordpress\/plugins\/seo\/ -->\n<title>Training \/ \u0395\u03ba\u03c0\u03b1\u03af\u03b4\u03b5\u03c5\u03c3\u03b7 - Urbaf<\/title>\n<meta name=\"robots\" content=\"index, follow, max-snippet:-1, max-image-preview:large, max-video-preview:-1\" \/>\n<link rel=\"canonical\" href=\"https:\/\/urbaf.eu\/index.php\/training\/\" \/>\n<meta property=\"og:locale\" content=\"en_US\" \/>\n<meta property=\"og:type\" content=\"article\" \/>\n<meta property=\"og:title\" content=\"Training \/ \u0395\u03ba\u03c0\u03b1\u03af\u03b4\u03b5\u03c5\u03c3\u03b7 - Urbaf\" \/>\n<meta property=\"og:description\" content=\"The training in Urban Agriculture and Beekeeping concerns part of the Erasmus+ program for vocational education and training in collaboration with the Institute of Ecological Agriculture DIO with the subject of Urban Agriculture and Beekeeping. The purpose of the project is totrain the professionals of the urban environment about the possibilities that exist to engage &hellip; Continue reading Training \/ \u0395\u03ba\u03c0\u03b1\u03af\u03b4\u03b5\u03c5\u03c3\u03b7\" \/>\n<meta property=\"og:url\" content=\"https:\/\/urbaf.eu\/index.php\/training\/\" \/>\n<meta property=\"og:site_name\" content=\"Urbaf\" \/>\n<meta property=\"article:modified_time\" content=\"2024-01-03T09:44:38+00:00\" \/>\n<meta property=\"og:image\" content=\"https:\/\/urbaf.eu\/wp-content\/uploads\/2023\/05\/urbuf.png\" \/>\n<meta name=\"twitter:card\" content=\"summary_large_image\" \/>\n<meta name=\"twitter:label1\" content=\"Est. reading time\" \/>\n\t<meta name=\"twitter:data1\" content=\"1 minute\" \/>\n<script type=\"application\/ld+json\" class=\"yoast-schema-graph\">{\"@context\":\"https:\/\/schema.org\",\"@graph\":[{\"@type\":\"WebPage\",\"@id\":\"https:\/\/urbaf.eu\/index.php\/training\/\",\"url\":\"https:\/\/urbaf.eu\/index.php\/training\/\",\"name\":\"Training \/ \u0395\u03ba\u03c0\u03b1\u03af\u03b4\u03b5\u03c5\u03c3\u03b7 - Urbaf\",\"isPartOf\":{\"@id\":\"https:\/\/urbaf.eu\/#website\"},\"datePublished\":\"2022-10-12T22:30:09+00:00\",\"dateModified\":\"2024-01-03T09:44:38+00:00\",\"breadcrumb\":{\"@id\":\"https:\/\/urbaf.eu\/index.php\/training\/#breadcrumb\"},\"inLanguage\":\"en-US\",\"potentialAction\":[{\"@type\":\"ReadAction\",\"target\":[\"https:\/\/urbaf.eu\/index.php\/training\/\"]}]},{\"@type\":\"BreadcrumbList\",\"@id\":\"https:\/\/urbaf.eu\/index.php\/training\/#breadcrumb\",\"itemListElement\":[{\"@type\":\"ListItem\",\"position\":1,\"name\":\"Home\",\"item\":\"https:\/\/urbaf.eu\/\"},{\"@type\":\"ListItem\",\"position\":2,\"name\":\"Training \/ \u0395\u03ba\u03c0\u03b1\u03af\u03b4\u03b5\u03c5\u03c3\u03b7\"}]},{\"@type\":\"WebSite\",\"@id\":\"https:\/\/urbaf.eu\/#website\",\"url\":\"https:\/\/urbaf.eu\/\",\"name\":\"Urbaf\",\"description\":\"Let&#039;s improve the quality of our Urban Environment\",\"potentialAction\":[{\"@type\":\"SearchAction\",\"target\":{\"@type\":\"EntryPoint\",\"urlTemplate\":\"https:\/\/urbaf.eu\/?s={search_term_string}\"},\"query-input\":\"required name=search_term_string\"}],\"inLanguage\":\"en-US\"}]}<\/script>\n<!-- \/ Yoast SEO plugin. -->","yoast_head_json":{"title":"Training \/ \u0395\u03ba\u03c0\u03b1\u03af\u03b4\u03b5\u03c5\u03c3\u03b7 - Urbaf","robots":{"index":"index","follow":"follow","max-snippet":"max-snippet:-1","max-image-preview":"max-image-preview:large","max-video-preview":"max-video-preview:-1"},"canonical":"https:\/\/urbaf.eu\/index.php\/training\/","og_locale":"en_US","og_type":"article","og_title":"Training \/ \u0395\u03ba\u03c0\u03b1\u03af\u03b4\u03b5\u03c5\u03c3\u03b7 - Urbaf","og_description":"The training in Urban Agriculture and Beekeeping concerns part of the Erasmus+ program for vocational education and training in collaboration with the Institute of Ecological Agriculture DIO with the subject of Urban Agriculture and Beekeeping. The purpose of the project is totrain the professionals of the urban environment about the possibilities that exist to engage &hellip; Continue reading Training \/ \u0395\u03ba\u03c0\u03b1\u03af\u03b4\u03b5\u03c5\u03c3\u03b7","og_url":"https:\/\/urbaf.eu\/index.php\/training\/","og_site_name":"Urbaf","article_modified_time":"2024-01-03T09:44:38+00:00","og_image":[{"url":"https:\/\/urbaf.eu\/wp-content\/uploads\/2023\/05\/urbuf.png"}],"twitter_card":"summary_large_image","twitter_misc":{"Est. reading time":"1 minute"},"schema":{"@context":"https:\/\/schema.org","@graph":[{"@type":"WebPage","@id":"https:\/\/urbaf.eu\/index.php\/training\/","url":"https:\/\/urbaf.eu\/index.php\/training\/","name":"Training \/ \u0395\u03ba\u03c0\u03b1\u03af\u03b4\u03b5\u03c5\u03c3\u03b7 - Urbaf","isPartOf":{"@id":"https:\/\/urbaf.eu\/#website"},"datePublished":"2022-10-12T22:30:09+00:00","dateModified":"2024-01-03T09:44:38+00:00","breadcrumb":{"@id":"https:\/\/urbaf.eu\/index.php\/training\/#breadcrumb"},"inLanguage":"en-US","potentialAction":[{"@type":"ReadAction","target":["https:\/\/urbaf.eu\/index.php\/training\/"]}]},{"@type":"BreadcrumbList","@id":"https:\/\/urbaf.eu\/index.php\/training\/#breadcrumb","itemListElement":[{"@type":"ListItem","position":1,"name":"Home","item":"https:\/\/urbaf.eu\/"},{"@type":"ListItem","position":2,"name":"Training \/ \u0395\u03ba\u03c0\u03b1\u03af\u03b4\u03b5\u03c5\u03c3\u03b7"}]},{"@type":"WebSite","@id":"https:\/\/urbaf.eu\/#website","url":"https:\/\/urbaf.eu\/","name":"Urbaf","description":"Let&#039;s improve the quality of our Urban Environment","potentialAction":[{"@type":"SearchAction","target":{"@type":"EntryPoint","urlTemplate":"https:\/\/urbaf.eu\/?s={search_term_string}"},"query-input":"required name=search_term_string"}],"inLanguage":"en-US"}]}},"_links":{"self":[{"href":"https:\/\/urbaf.eu\/index.php\/wp-json\/wp\/v2\/pages\/2","targetHints":{"allow":["GET"]}}],"collection":[{"href":"https:\/\/urbaf.eu\/index.php\/wp-json\/wp\/v2\/pages"}],"about":[{"href":"https:\/\/urbaf.eu\/index.php\/wp-json\/wp\/v2\/types\/page"}],"author":[{"embeddable":true,"href":"https:\/\/urbaf.eu\/index.php\/wp-json\/wp\/v2\/users\/1"}],"replies":[{"embeddable":true,"href":"https:\/\/urbaf.eu\/index.php\/wp-json\/wp\/v2\/comments?post=2"}],"version-history":[{"count":11,"href":"https:\/\/urbaf.eu\/index.php\/wp-json\/wp\/v2\/pages\/2\/revisions"}],"predecessor-version":[{"id":14997,"href":"https:\/\/urbaf.eu\/index.php\/wp-json\/wp\/v2\/pages\/2\/revisions\/14997"}],"wp:attachment":[{"href":"https:\/\/urbaf.eu\/index.php\/wp-json\/wp\/v2\/media?parent=2"}],"curies":[{"name":"wp","href":"https:\/\/api.w.org\/{rel}","templated":true}]}}